{"id":825,"date":"2013-03-25T10:23:45","date_gmt":"2013-03-25T09:23:45","guid":{"rendered":"http:\/\/glasba-zate.eu\/?page_id=825"},"modified":"2013-03-25T11:34:14","modified_gmt":"2013-03-25T10:34:14","slug":"etnotok-in-solisti-na-harmoniki-v-kortah-22313","status":"publish","type":"page","link":"https:\/\/glasba-zate.eu\/?page_id=825","title":{"rendered":"KONCERT v zadru\u017enem domu v Kortah, 22.3.13 ETNOTOK  in solisti na harmoniki"},"content":{"rendered":"<p>Prav lep koncert so \u00a0priredili u\u010denci glasbene \u0161ole IZOLA v Kortah na dogodku POZDRAV POMLADI 22.marca 2013 ob 18. uri!<\/p>\n<p>Nastopili so \u0161tirje u\u010denci glasbene \u0161ole Izola (ALjo\u0161a Kit\u0107, Timotej Korenika, Sara Ben\u010di\u010d in Mark Jakomin) iz razreda Mirjane Gvozdenac in komorna skupina ETNOTOK glasbene \u0161ole Izola (mentorica Mirjana Gvozdenac, sodelujo\u010di u\u010ditelji Du\u0161an Kiti\u0107, Bojan Kuret in Marko Hvala)<\/p>\n<p>Spored skladb:<\/p>\n<p>Aljo\u0161a Kiti\u0107, 2.r harmonike-A.Jekic: Moderna suita I in II stavek<\/p>\n<p>Timotej Korenika, 4.r. harmonike-Tam kjer murke cveto; V.Vlasov: Otro\u0161ki album (Ura, Ma\u010dja hi\u0161ica gori, Ukrajinski ples, guzul ples, Val\u010dek)<\/p>\n<p>Sara Ben\u010di\u010d, 5. r harmonike- G.Wurthner: Sarabanda; U.Jutila: Sleepyhaed<\/p>\n<p>Mark Jakomin, 5.r. harmonike- Krebs: Passepied; A. Ha\u010daturjan: Andantino<\/p>\n<p>ETNOTOK, komorna skupina glasbene \u0161ole IZOLA:<\/p>\n<p>Sefardska\/prir. M. Gvozdenac: Lied\/Pesem<\/p>\n<p>Mad\u017earska\/prir. M.Gvozdenac: Ugros<\/p>\n<p>A.Nikolic\/prir.M.Gvozdenac: Balkango<\/p>\n<p>&nbsp;<\/p>\n<p>Pisali so o solistih in ETNOTOKU v \u0160par\u017einu in objavili fotografije:<\/p>\n<p>&#8220;Ko smo pa prisluhnili otrokom s Kort, ki hodijo v glasbeno \u0161olo in ki so z veliko vneme in zanesenosti zaigrali na svojih glasbilih, se je potrdilo to, kar Korte\u017eani vemo: kultura je v Kortah zares doma. Zaigrali so nam: Timotej Korenika, Sara Ben\u010di\u010d, Mark Jakomin in Aljo\u0161a Kiti\u010d (vsi so u\u010denci prof.\u00a0<a href=\"https:\/\/glasba-zate.eu\/?page_id=22\">Mirjane Gvozdenac<\/a>). Prisluhnili smo lahko tudi Komorni skupini\u00a0<a href=\"http:\/\/youtu.be\/_152-IUY8MM\">Etnotok<\/a>\u00a0v sestavi Sara Ben\u010di\u010d, Mark Jakomin, Eris \u0160ker, Ana Kru\u0161ec Birsa, Maj Felluga in Tadej \u010casar. Priredili so nam pravo poslastico s svojimi priredbami ljudske glasbe-\u00a0v sodelovanju s svojimi u\u010ditelji, Du\u0161anom Kiti\u010dem, Bojanom Kuretom in Mirjano Gvozdenac.&#8221;<\/p>\n<p>&nbsp;<\/p>\n<p><a href=\"http:\/\/sparzin.files.wordpress.com\/2013\/03\/korte04.jpg\"><img loading=\"lazy\" decoding=\"async\" src=\"http:\/\/sparzin.files.wordpress.com\/2013\/03\/korte04.jpg?w=300&amp;h=200\" alt=\"\" width=\"300\" height=\"200\" \/><\/a><\/p>\n<p><a href=\"http:\/\/sparzin.files.wordpress.com\/2013\/03\/korte05.jpg\"><img loading=\"lazy\" decoding=\"async\" src=\"http:\/\/sparzin.files.wordpress.com\/2013\/03\/korte05.jpg?w=300&amp;h=200\" alt=\"\" width=\"300\" height=\"200\" \/><\/a><\/p>\n<p><a href=\"http:\/\/sparzin.files.wordpress.com\/2013\/03\/korte06.jpg\"><img loading=\"lazy\" decoding=\"async\" src=\"http:\/\/sparzin.files.wordpress.com\/2013\/03\/korte06.jpg?w=300&amp;h=200\" alt=\"Korte06\" width=\"300\" height=\"200\" \/><\/a><\/p>\n<p><a href=\"http:\/\/sparzin.files.wordpress.com\/2013\/03\/korte07.jpg\"><img loading=\"lazy\" decoding=\"async\" src=\"http:\/\/sparzin.files.wordpress.com\/2013\/03\/korte07-e1364078265284.jpg?w=200&amp;h=300\" alt=\"\" width=\"200\" height=\"300\" \/><\/a><\/p>\n<p><a href=\"http:\/\/sparzin.files.wordpress.com\/2013\/03\/korte08.jpg\"><img loading=\"lazy\" decoding=\"async\" src=\"http:\/\/sparzin.files.wordpress.com\/2013\/03\/korte08.jpg?w=300&amp;h=200\" alt=\"korte08\" width=\"300\" height=\"200\" \/><\/a><\/p>\n<p><a href=\"http:\/\/sparzin.files.wordpress.com\/2013\/03\/korte09.jpg\"><img loading=\"lazy\" decoding=\"async\" src=\"http:\/\/sparzin.files.wordpress.com\/2013\/03\/korte09.jpg?w=300&amp;h=200\" alt=\"\" width=\"300\" height=\"200\" \/><\/a><\/p>\n<p><a href=\"http:\/\/sparzin.files.wordpress.com\/2013\/03\/korte10.jpg\"><img loading=\"lazy\" decoding=\"async\" src=\"http:\/\/sparzin.files.wordpress.com\/2013\/03\/korte10.jpg?w=300&amp;h=200\" alt=\"\" width=\"300\" height=\"200\" \/><\/a><\/p>\n<p><a href=\"http:\/\/sparzin.files.wordpress.com\/2013\/03\/korte11.jpg\"><img loading=\"lazy\" decoding=\"async\" src=\"http:\/\/sparzin.files.wordpress.com\/2013\/03\/korte11.jpg?w=300&amp;h=200\" alt=\"\" width=\"300\" height=\"200\" \/><\/a><\/p>\n<p><a href=\"http:\/\/sparzin.files.wordpress.com\/2013\/03\/korte12.jpg\"><img loading=\"lazy\" decoding=\"async\" src=\"http:\/\/sparzin.files.wordpress.com\/2013\/03\/korte12.jpg?w=300&amp;h=200\" alt=\"\" width=\"300\" height=\"200\" \/><\/a><\/p>\n<p><a href=\"http:\/\/sparzin.files.wordpress.com\/2013\/03\/korte13.jpg\"><img loading=\"lazy\" decoding=\"async\" src=\"http:\/\/sparzin.files.wordpress.com\/2013\/03\/korte13.jpg?w=300&amp;h=200\" alt=\"\" width=\"300\" height=\"200\" \/><\/a><\/p>\n<p>&nbsp;<\/p>\n<p>Ve\u010d o dogodku:<\/p>\n<blockquote class=\"wp-embedded-content\" data-secret=\"VzByoYj4gs\"><p><a href=\"https:\/\/sparzin.wordpress.com\/2013\/03\/24\/pozdrav-pomladi\/\">Utrinki: Pozdrav pomladi<\/a><\/p><\/blockquote>\n<p><iframe loading=\"lazy\" class=\"wp-embedded-content\" sandbox=\"allow-scripts\" security=\"restricted\" style=\"position: absolute; clip: rect(1px, 1px, 1px, 1px);\" title=\"&#8220;Utrinki: Pozdrav pomladi&#8221; &#8212; Turisti\u010dno in kulturno dru\u0161tvo \u0160par\u017ein - Korte\" src=\"https:\/\/sparzin.wordpress.com\/2013\/03\/24\/pozdrav-pomladi\/embed\/#?secret=QuV73cCtDT#?secret=VzByoYj4gs\" data-secret=\"VzByoYj4gs\" width=\"500\" height=\"282\" frameborder=\"0\" marginwidth=\"0\" marginheight=\"0\" scrolling=\"no\"><\/iframe><\/p>\n","protected":false},"excerpt":{"rendered":"<p>Prav lep koncert so \u00a0priredili u\u010denci glasbene \u0161ole IZOLA v Kortah na dogodku POZDRAV POMLADI 22.marca 2013 ob 18. uri! Nastopili so \u0161tirje u\u010denci glasbene \u0161ole Izola (ALjo\u0161a Kit\u0107, Timotej&hellip;<\/p>\n","protected":false},"author":1,"featured_media":0,"parent":634,"menu_order":0,"comment_status":"open","ping_status":"open","template":"","meta":{"footnotes":""},"class_list":["post-825","page","type-page","status-publish","hentry"],"_links":{"self":[{"href":"https:\/\/glasba-zate.eu\/index.php?rest_route=\/wp\/v2\/pages\/825","targetHints":{"allow":["GET"]}}],"collection":[{"href":"https:\/\/glasba-zate.eu\/index.php?rest_route=\/wp\/v2\/pages"}],"about":[{"href":"https:\/\/glasba-zate.eu\/index.php?rest_route=\/wp\/v2\/types\/page"}],"author":[{"embeddable":true,"href":"https:\/\/glasba-zate.eu\/index.php?rest_route=\/wp\/v2\/users\/1"}],"replies":[{"embeddable":true,"href":"https:\/\/glasba-zate.eu\/index.php?rest_route=%2Fwp%2Fv2%2Fcomments&post=825"}],"version-history":[{"count":1,"href":"https:\/\/glasba-zate.eu\/index.php?rest_route=\/wp\/v2\/pages\/825\/revisions"}],"predecessor-version":[{"id":827,"href":"https:\/\/glasba-zate.eu\/index.php?rest_route=\/wp\/v2\/pages\/825\/revisions\/827"}],"up":[{"embeddable":true,"href":"https:\/\/glasba-zate.eu\/index.php?rest_route=\/wp\/v2\/pages\/634"}],"wp:attachment":[{"href":"https:\/\/glasba-zate.eu\/index.php?rest_route=%2Fwp%2Fv2%2Fmedia&parent=825"}],"curies":[{"name":"wp","href":"https:\/\/api.w.org\/{rel}","templated":true}]}}